{"id":12214,"date":"2020-11-09T14:45:12","date_gmt":"2020-11-09T14:45:12","guid":{"rendered":"https:\/\/www.hakisa.com\/?page_id=12214"},"modified":"2021-01-28T09:26:21","modified_gmt":"2021-01-28T09:26:21","slug":"realisations","status":"publish","type":"page","link":"https:\/\/www.hakisa.com\/fr\/realisations\/","title":{"rendered":"R\u00e9alisations"},"content":{"rendered":"<section class=\"wpb-content-wrapper\"><p>[vc_section full_width=\u00a0\u00bbstretch_row_content\u00a0\u00bb content_placement=\u00a0\u00bbmiddle\u00a0\u00bb el_class=\u00a0\u00bbellipsis-border-right\u00a0\u00bb css=\u00a0\u00bb.vc_custom_1604928516644{background-image: url(https:\/\/www.hakisa.com\/wp-content\/uploads\/2020\/10\/man-person-group-people-woman-play-918265-pxhere-filtre.com_.jpg?id=11825) !important;background-position: 0 0 !important;background-repeat: no-repeat !important;}\u00a0\u00bb][vc_row full_width=\u00a0\u00bbstretch_row_content\u00a0\u00bb gap=\u00a0\u00bb10&Prime; css=\u00a0\u00bb.vc_custom_1604928611026{padding-right: 5% !important;padding-left: 5% !important;}\u00a0\u00bb][vc_column width=\u00a0\u00bb1\/2&Prime;][vc_column_text el_class=\u00a0\u00bbtext-white\u00a0\u00bb]<\/p>\n<h1><strong><span style=\"font-size: 28pt;\">Quelques r\u00e9f\u00e9rences dans les divers segments de march\u00e9 adress\u00e9s<\/span><\/strong><\/h1>\n<p>[\/vc_column_text][\/vc_column][vc_column width=\u00a0\u00bb1\/2&Prime; offset=\u00a0\u00bbvc_hidden-xs\u00a0\u00bb][vc_single_image image=\u00a0\u00bb12167&Prime; img_size=\u00a0\u00bbfull\u00a0\u00bb alignment=\u00a0\u00bbcenter\u00a0\u00bb css_animation=\u00a0\u00bbfadeInDown\u00a0\u00bb][\/vc_column][\/vc_row][\/vc_section][vc_section full_width=\u00a0\u00bbstretch_row\u00a0\u00bb css=\u00a0\u00bb.vc_custom_1608728210868{padding-top: 60px !important;padding-bottom: 100px !important;}\u00a0\u00bb][vc_row gap=\u00a0\u00bb35&Prime;][vc_column css=\u00a0\u00bb.vc_custom_1557479685516{margin-right: 50px !important;}\u00a0\u00bb][vc_column_text css=\u00a0\u00bb.vc_custom_1611306720970{padding-bottom: 50px !important;}\u00a0\u00bb]<\/p>\n<h2>Nos clients<\/h2>\n<p>[\/vc_column_text][\/vc_column][\/vc_row][vc_row gap=\u00a0\u00bb35&Prime;][vc_column width=\u00a0\u00bb3\/5&Prime; css=\u00a0\u00bb.vc_custom_1557479685516{margin-right: 50px !important;}\u00a0\u00bb][vc_column_text]<\/p>\n<h2>Malakoff M\u00e9d\u00e9ric Humanis<\/h2>\n<p>[\/vc_column_text][vc_column_text el_class=\u00a0\u00bbintroduction\u00a0\u00bb]<i><span style=\"color: #ff7813;\">R\u00e9duire l&rsquo;isolement des personnes \u00e2g\u00e9es<\/span><\/i>[\/vc_column_text]<div id=\"mpc_accordion-4069f173a594e53\" class=\"mpc-accordion mpc-init mpc-transition accordion-references\" ><ul class=\"mpc-accordion__content\"><li class=\"mpc-accordion__item \"><div class=\"mpc-accordion-item__heading mpc-transition mpc-typography--preset_3\"><div data-id=\"mpc_icon-8369f173a594e35\" class=\"mpc-icon mpc-init mpc-transition mpc-effect-none mpc-icon-hover \"><div class=\"mpc-icon-wrap\"><i class=\"mpc-icon-part mpc-regular mpc-transition  mi mi-add\"><\/i><i class=\"mpc-icon-part mpc-hover mpc-transition  mi mi-remove\"><\/i><\/div><\/div><h3>Cas d'usage<\/h3><\/div><div class=\"mpc-accordion-item__content mpc-container\" ><div class=\"mpc-accordion-item__wrapper mpc-typography--preset_2\">[vc_column_text]Malakoff Humanis a choisi Hakisa pour cr\u00e9er un R\u00e9seau de Confiance permettant d&rsquo;allier proximit\u00e9 g\u00e9ographique et plateforme digitale.<br \/>\nLes communaut\u00e9s de s\u00e9niors sur la plateforme sont organis\u00e9es d&rsquo;apr\u00e8s leur r\u00e9partition g\u00e9ographique pour leur proposer du contenu et des activit\u00e9s au plus proche de chez eux.<\/p>\n<p>Parmi les objectifs test\u00e9s et valid\u00e9s par le projet, on compte notamment\u00a0 :<\/p>\n<ul>\n<li>Cr\u00e9er du lien physique en proposant des activit\u00e9s et moments de rencontre \u00e0 travers un outil digital<\/li>\n<li>F\u00e9d\u00e9rer des s\u00e9niors autour de th\u00e9matiques qui les int\u00e9ressent et de la notion d&rsquo;entraide<\/li>\n<li>Recr\u00e9er des dynamiques de proximit\u00e9 (commune, quartier) autour des personnes \u00e2g\u00e9es<\/li>\n<\/ul>\n<p>[\/vc_column_text]<\/div><\/div><\/li><li class=\"mpc-accordion__item \"><div class=\"mpc-accordion-item__heading mpc-transition mpc-typography--preset_3\"><div data-id=\"mpc_icon-8369f173a594e35\" class=\"mpc-icon mpc-init mpc-transition mpc-effect-none mpc-icon-hover \"><div class=\"mpc-icon-wrap\"><i class=\"mpc-icon-part mpc-regular mpc-transition  mi mi-add\"><\/i><i class=\"mpc-icon-part mpc-hover mpc-transition  mi mi-remove\"><\/i><\/div><\/div><h3>Solution propos\u00e9e<\/h3><\/div><div class=\"mpc-accordion-item__content mpc-container\" ><div class=\"mpc-accordion-item__wrapper mpc-typography--preset_2\">[vc_column_text]Pour monter son R\u00e9seau de Confiance, Malakoff Humanis a opt\u00e9 pour la mise en place d\u2019une plateforme personnalis\u00e9e, \u00e0 sa marque et ses couleurs.<br \/>\nAfin de mieux r\u00e9pondre aux besoins de ses utilisateurs, un service de <strong>consultation<\/strong> <strong>psychologique<\/strong> a \u00e9t\u00e9 ajout\u00e9 au sein de la plateforme.<\/p>\n<p>De plus, des <strong>jeux suppl\u00e9mentaires<\/strong> adapt\u00e9s \u00e0 une population novice ont \u00e9t\u00e9 ajout\u00e9s, en partenariat avec notre partenaire Dynseo.<\/p>\n<p>Ce projet a \u00e9galement permis d\u2019enrichir la technologie Hakisa de nouvelles fonctionnalit\u00e9s, notamment un meilleur param\u00e9trage des communaut\u00e9s de la plateforme ainsi que la <strong>version b\u00eata d\u2019une fonctionnalit\u00e9 d\u2019entraide<\/strong> entre particuliers.<\/p>\n<p>Outre la formation comprise dans l\u2019offre, Malakoff M\u00e9d\u00e9ric Humanis b\u00e9n\u00e9ficie d\u2019un <strong>accompagnement personnalis\u00e9<\/strong> pour trouver les solutions digitales r\u00e9pondant aux usages \u00e9mergents, ainsi que d\u2019une aide \u00e0 la gestion de sa plateforme.[\/vc_column_text]<\/div><\/div><\/li><li class=\"mpc-accordion__item \"><div class=\"mpc-accordion-item__heading mpc-transition mpc-typography--preset_3\"><div data-id=\"mpc_icon-8369f173a594e35\" class=\"mpc-icon mpc-init mpc-transition mpc-effect-none mpc-icon-hover \"><div class=\"mpc-icon-wrap\"><i class=\"mpc-icon-part mpc-regular mpc-transition  mi mi-add\"><\/i><i class=\"mpc-icon-part mpc-hover mpc-transition  mi mi-remove\"><\/i><\/div><\/div><h3>A propos de Malakoff Humanis<\/h3><\/div><div class=\"mpc-accordion-item__content mpc-container\" ><div class=\"mpc-accordion-item__wrapper mpc-typography--preset_2\">[vc_column_text]Depuis le 1er janvier 2019, Malakoff M\u00e9d\u00e9ric et Humanis se sont unis pour devenir Malakoff Humanis, un seul et m\u00eame acteur paritaire et mutualiste de la protection sociale.<\/p>\n<p>Partenaire de toutes les entreprises, petites et grandes, dans tous les secteurs d\u2019activit\u00e9 et partout en France, nous contribuons \u00e0 leur performance et au bien-\u00eatre de leurs salari\u00e9s \u00e0 travers les services innovants associ\u00e9s \u00e0 nos contrats d\u2019assurance. Nous accompagnons \u00e9galement les salari\u00e9s dans leur passage \u00e0 la retraite, et les retrait\u00e9s afin qu\u2019ils puissent, au-del\u00e0 de l\u2019entreprise, d\u00e9velopper leur nouveau projet de vie.[\/vc_column_text]<\/div><\/div><\/li><li class=\"mpc-accordion__item \"><div class=\"mpc-accordion-item__heading mpc-transition mpc-typography--preset_3\"><div data-id=\"mpc_icon-8369f173a594e35\" class=\"mpc-icon mpc-init mpc-transition mpc-effect-none mpc-icon-hover \"><div class=\"mpc-icon-wrap\"><i class=\"mpc-icon-part mpc-regular mpc-transition  mi mi-add\"><\/i><i class=\"mpc-icon-part mpc-hover mpc-transition  mi mi-remove\"><\/i><\/div><\/div><h3>Contributeurs<\/h3><\/div><div class=\"mpc-accordion-item__content mpc-container\" ><div class=\"mpc-accordion-item__wrapper mpc-typography--preset_2\">[vc_column_text]<\/p>\n<ul>\n<li>Hakisa : pour la mise en place de la plateforme et les d\u00e9veloppements sp\u00e9cifiques<\/li>\n<li>Facilien : pour l\u2019accompagnement \u00e0 la d\u00e9finition des besoins<\/li>\n<li>Dynseo : pour la mise en place de jeux suppl\u00e9mentaires adapt\u00e9s<\/li>\n<li>Doctoconsult : pour la mise en place d\u2019une application de t\u00e9l\u00e9consultation<\/li>\n<\/ul>\n<p>[\/vc_column_text]<\/div><\/div><\/li><\/ul><\/div>[\/vc_column][vc_column width=\u00a0\u00bb2\/5&Prime;][vc_single_image image=\u00a0\u00bb12583&Prime; img_size=\u00a0\u00bbfull\u00a0\u00bb][\/vc_column][\/vc_row][\/vc_section][vc_section full_width=\u00a0\u00bbstretch_row\u00a0\u00bb css=\u00a0\u00bb.vc_custom_1608728385606{padding-top: 100px !important;padding-bottom: 100px !important;background-color: #f5f5f5 !important;}\u00a0\u00bb][vc_row gap=\u00a0\u00bb35&Prime;][vc_column width=\u00a0\u00bb2\/5&Prime; css=\u00a0\u00bb.vc_custom_1557479685516{margin-right: 50px !important;}\u00a0\u00bb][vc_single_image image=\u00a0\u00bb8572&Prime; img_size=\u00a0\u00bbfull\u00a0\u00bb][\/vc_column][vc_column width=\u00a0\u00bb3\/5&Prime;][vc_column_text]<\/p>\n<h2>L\u2019Office d\u2019Hygi\u00e8ne et Sant\u00e9 (OHS) de Lorraine<\/h2>\n<p>[\/vc_column_text][vc_column_text el_class=\u00a0\u00bbintroduction\u00a0\u00bb]<i><span style=\"color: #ff7813;\">Une plateforme de services pour les aidants et les usagers<\/span><\/i>[\/vc_column_text]<div id=\"mpc_accordion-3669f173a594f82\" class=\"mpc-accordion mpc-init mpc-transition accordion-references\" ><ul class=\"mpc-accordion__content\"><li class=\"mpc-accordion__item \"><div class=\"mpc-accordion-item__heading mpc-transition mpc-typography--preset_3\"><div data-id=\"mpc_icon-7069f173a594f6d\" class=\"mpc-icon mpc-init mpc-transition mpc-effect-none mpc-icon-hover \"><div class=\"mpc-icon-wrap\"><i class=\"mpc-icon-part mpc-regular mpc-transition  mi mi-add\"><\/i><i class=\"mpc-icon-part mpc-hover mpc-transition  mi mi-remove\"><\/i><\/div><\/div><h3>Cas d'usage<\/h3><\/div><div class=\"mpc-accordion-item__content mpc-container\" ><div class=\"mpc-accordion-item__wrapper mpc-typography--preset_2\">[vc_column_text]Organisme multi-structurel accompagnant des des personnes jeunes, adultes, \u00e2g\u00e9es, en situation de handicap ou de fragilit\u00e9, l\u2019Office d\u2019Hygi\u00e8ne et Sant\u00e9 (OHS) de Lorraine entend d\u00e9ployer un ensemble de solutions num\u00e9riques au profit de ses usagers et de leurs aidants.<br \/>\nPilot\u00e9e par notre partenaire <a href=\"https:\/\/facilien.fr\/\" target=\"_blank\" rel=\"noopener noreferrer\">Facilien<\/a>, la mise en place d\u2019une plateforme de services r\u00e9pond \u00e0 plusieurs besoins :<\/p>\n<ul>\n<li>Proposer une plateforme digitale simple pour mettre en avant les activit\u00e9s, services et actualit\u00e9s des diff\u00e9rents organismes de l\u2019OHS<\/li>\n<li>Offrir \u00e0 l\u2019entourage des publics accompagn\u00e9s un espace de suivi de leur proche et de communication avec l\u2019OHS<\/li>\n<li>Coordonner les acteurs autour de la personne fragilis\u00e9e en int\u00e9grant des solutions m\u00e9tiers<\/li>\n<li>Cr\u00e9er une offre de service digitale unique pour les usagers et leur entourage<\/li>\n<\/ul>\n<p>Le projet de l\u2019OHS est plac\u00e9 sous le signe d\u2019une v\u00e9ritable collaboration dans l\u2019ajout et le d\u00e9veloppement de nouveaux services et outils au sein de la plateforme.[\/vc_column_text]<\/div><\/div><\/li><li class=\"mpc-accordion__item \"><div class=\"mpc-accordion-item__heading mpc-transition mpc-typography--preset_3\"><div data-id=\"mpc_icon-7069f173a594f6d\" class=\"mpc-icon mpc-init mpc-transition mpc-effect-none mpc-icon-hover \"><div class=\"mpc-icon-wrap\"><i class=\"mpc-icon-part mpc-regular mpc-transition  mi mi-add\"><\/i><i class=\"mpc-icon-part mpc-hover mpc-transition  mi mi-remove\"><\/i><\/div><\/div><h3>Solution propos\u00e9e<\/h3><\/div><div class=\"mpc-accordion-item__content mpc-container\" ><div class=\"mpc-accordion-item__wrapper mpc-typography--preset_2\">[vc_column_text]L\u2019OHS de Lorraine propose ses services \u00e0 ses usagers et leurs aidants \u00e0 travers une plateforme \u00e0 ses couleurs et sa marque.<br \/>\nGr\u00e2ce \u00e0 un interfa\u00e7age s\u00e9curis\u00e9 du logiciel m\u00e9tier <a href=\"http:\/\/www.corwin.eu\/produits\/osiris-dossier-patient-sanitaire.html\" target=\"_blank\" rel=\"noopener noreferrer\">Osiris<\/a>, des services sp\u00e9cifiques peuvent \u00eatre propos\u00e9s \u00e0 chaque patient. Le premier service \u00e9tant, pour chaque patient, un <strong>acc\u00e8s priv\u00e9 \u00e0 son agenda m\u00e9dical et d\u2019activit\u00e9s<\/strong>, un acc\u00e8s jusqu\u2019\u00e0 lors r\u00e9serv\u00e9 aux professionnels.<\/p>\n<p>Depuis le d\u00e9but du projet, l\u2019OHS de Lorraine travaille \u00e0 la co-cr\u00e9ation de nouvelles fonctionnalit\u00e9s pour sa plateforme, un travail pilot\u00e9 par notre partenaire Facilien.<br \/>\nParmi elles, on compte notamment la mise en place d\u2019une fonctionnalit\u00e9 d\u2019un <strong>acc\u00e8s au compte patient pour les tuteurs<\/strong>.[\/vc_column_text]<\/div><\/div><\/li><li class=\"mpc-accordion__item \"><div class=\"mpc-accordion-item__heading mpc-transition mpc-typography--preset_3\"><div data-id=\"mpc_icon-7069f173a594f6d\" class=\"mpc-icon mpc-init mpc-transition mpc-effect-none mpc-icon-hover \"><div class=\"mpc-icon-wrap\"><i class=\"mpc-icon-part mpc-regular mpc-transition  mi mi-add\"><\/i><i class=\"mpc-icon-part mpc-hover mpc-transition  mi mi-remove\"><\/i><\/div><\/div><h3>A propos de l'OHS de Lorraine<\/h3><\/div><div class=\"mpc-accordion-item__content mpc-container\" ><div class=\"mpc-accordion-item__wrapper mpc-typography--preset_2\">[vc_column_text]L\u2019OHS de Lorraine, fond\u00e9 en 1920, organisme priv\u00e9 \u00e0 but non lucratif reconnu d\u2019utilit\u00e9 publique depuis 1923, poursuit une mission d\u2019int\u00e9r\u00eat g\u00e9n\u00e9ral dans le domaine sanitaire, m\u00e9dico-social, social et justice.<br \/>\nL\u2019OHS de Lorraine compte cinquante-trois \u00e9tablissements et services sur la r\u00e9gion Lorraine. En mettant tout en \u0153uvre pour obtenir les meilleurs r\u00e9sultats dans l\u2019aide qu\u2019il apporte aux jeunes enfants, adolescents, adultes et personnes \u00e2g\u00e9es confront\u00e9s aux cons\u00e9quences multiples d\u2019un \u00e9tat de sant\u00e9 d\u00e9ficitaire, d\u2019un handicap ou d\u2019une situation sociale devenue contraignante, l\u2019OHS s\u2019inscrit en permanence dans une d\u00e9marche de soins o\u00f9 une approche globale en la dimension humaine de chaque personne est privil\u00e9gi\u00e9e. La logique d\u2019accompagnement des parcours de vie, au-del\u00e0 des parcours de sant\u00e9, de soins et des parcours \u00e9ducatifs forme la matrice \u00e0 partir de laquelle l\u2019OHS de Lorraine cherche \u00e0 d\u00e9velopper et \u00e9toffer son offre globale de services, implant\u00e9e dans les territoires.[\/vc_column_text]<\/div><\/div><\/li><li class=\"mpc-accordion__item \"><div class=\"mpc-accordion-item__heading mpc-transition mpc-typography--preset_3\"><div data-id=\"mpc_icon-7069f173a594f6d\" class=\"mpc-icon mpc-init mpc-transition mpc-effect-none mpc-icon-hover \"><div class=\"mpc-icon-wrap\"><i class=\"mpc-icon-part mpc-regular mpc-transition  mi mi-add\"><\/i><i class=\"mpc-icon-part mpc-hover mpc-transition  mi mi-remove\"><\/i><\/div><\/div><h3>Contributeurs<\/h3><\/div><div class=\"mpc-accordion-item__content mpc-container\" ><div class=\"mpc-accordion-item__wrapper mpc-typography--preset_2\">[vc_column_text]<\/p>\n<ul>\n<li>Hakisa pour la mise en place de la plateforme, la maintenance et l\u2019impl\u00e9mentation de nouvelles fonctionnalit\u00e9s<\/li>\n<li>Facilien pour le pilotage du projet, la co-cr\u00e9ation de fonctionnalit\u00e9s et le support<\/li>\n<li>Evolucare technologies pour la mise \u00e0 disposition et l\u2019interfa\u00e7age des logiciels m\u00e9tiers de sant\u00e9<\/li>\n<\/ul>\n<p>[\/vc_column_text]<\/div><\/div><\/li><\/ul><\/div>[\/vc_column][\/vc_row][\/vc_section][vc_section full_width=\u00a0\u00bbstretch_row\u00a0\u00bb css=\u00a0\u00bb.vc_custom_1608728393044{padding-top: 100px !important;padding-bottom: 100px !important;background-color: #ffffff !important;}\u00a0\u00bb][vc_row gap=\u00a0\u00bb35&Prime;][vc_column width=\u00a0\u00bb3\/5&Prime; css=\u00a0\u00bb.vc_custom_1557479685516{margin-right: 50px !important;}\u00a0\u00bb][vc_column_text]<\/p>\n<h2>e-Nutriv<\/h2>\n<p>[\/vc_column_text][vc_column_text el_class=\u00a0\u00bbintroduction\u00a0\u00bb]<i><span style=\"color: #ff7813;\">Pr\u00e9venir la d\u00e9nutrition des personnes \u00e2g\u00e9es<\/span><\/i>[\/vc_column_text]<div id=\"mpc_accordion-8169f173a595053\" class=\"mpc-accordion mpc-init mpc-transition accordion-references\" ><ul class=\"mpc-accordion__content\"><li class=\"mpc-accordion__item \"><div class=\"mpc-accordion-item__heading mpc-transition mpc-typography--preset_3\"><div data-id=\"mpc_icon-7469f173a595042\" class=\"mpc-icon mpc-init mpc-transition mpc-effect-none mpc-icon-hover \"><div class=\"mpc-icon-wrap\"><i class=\"mpc-icon-part mpc-regular mpc-transition  mi mi-add\"><\/i><i class=\"mpc-icon-part mpc-hover mpc-transition  mi mi-remove\"><\/i><\/div><\/div><h3>Cas d'usage<\/h3><\/div><div class=\"mpc-accordion-item__content mpc-container\" ><div class=\"mpc-accordion-item__wrapper mpc-typography--preset_2\">[vc_column_text]Priorit\u00e9 de sant\u00e9 publique en France, la d\u00e9nutrition touche aujourd&rsquo;hui un quart des s\u00e9niors en perte d&rsquo;autonomie et 40% des patients Alzheimer.<\/p>\n<p>Port\u00e9 par APAMAD, le projet e-Nutriv vise \u00e0 mesurer l&rsquo;impact des nouvelles technologies de sant\u00e9 et des plateformes communaut\u00e9s sur la d\u00e9nutrition des personnes \u00e2g\u00e9es de plus de 70 ans, en perte d&rsquo;autonomie.<\/p>\n<p>Apr\u00e8s une \u00e9valuation de la situation nutritionnelle de la personne \u00e2g\u00e9e, des intervenants \u00e0 domicile r\u00e9alisent des pes\u00e9es \u00e0 intervalles r\u00e9guli\u00e8res \u00e0 l&rsquo;aide de mat\u00e9riel connect\u00e9 (balance ou coussin peseur).<\/p>\n<p>Lorsqu&rsquo;une situation de d\u00e9nutrition est rep\u00e9r\u00e9e, des alertes sont renvoy\u00e9es au coordinateur, \u00e0 l&rsquo;usager et son entourage afin d&rsquo;assurer un suivi personnalis\u00e9 pour chaque patient.<br \/>\nHakisa met sa technologie \u00e0 disposition afin de relayer les alertes au sein du cercle bienveillant entourant chaque patient.<\/p>\n<p>Avec une vocation nationale, le projet e-Nutriv doit permettre de d\u00e9velopper une dynamique territoriale de sant\u00e9 en am\u00e9liorant \u00e0 la fois les possibilit\u00e9s de prise de mesures et de pr\u00e9vention des maladies li\u00e9es ou cons\u00e9quente de la d\u00e9nutrition.[\/vc_column_text]<\/div><\/div><\/li><li class=\"mpc-accordion__item \"><div class=\"mpc-accordion-item__heading mpc-transition mpc-typography--preset_3\"><div data-id=\"mpc_icon-7469f173a595042\" class=\"mpc-icon mpc-init mpc-transition mpc-effect-none mpc-icon-hover \"><div class=\"mpc-icon-wrap\"><i class=\"mpc-icon-part mpc-regular mpc-transition  mi mi-add\"><\/i><i class=\"mpc-icon-part mpc-hover mpc-transition  mi mi-remove\"><\/i><\/div><\/div><h3>Solution propos\u00e9e<\/h3><\/div><div class=\"mpc-accordion-item__content mpc-container\" ><div class=\"mpc-accordion-item__wrapper mpc-typography--preset_2\">[vc_column_text]Pour le projet e-Nutriv, Hakisa a mis en place une <strong>plateforme personnalis\u00e9e<\/strong> pour les patients et leur entourage.<\/p>\n<p>Au sein de cette plateforme, chaque patient a acc\u00e8s \u00e0 l&rsquo;<strong>application Alarmes<\/strong> de Hakisa, permettant de transmettre et recevoir les alertes remont\u00e9es par les objets connect\u00e9s de pes\u00e9e.<\/p>\n<p>Hakisa participe au consortium du projet charg\u00e9 de tester les usages et la viabilit\u00e9 de la solution.[\/vc_column_text]<\/div><\/div><\/li><li class=\"mpc-accordion__item \"><div class=\"mpc-accordion-item__heading mpc-transition mpc-typography--preset_3\"><div data-id=\"mpc_icon-7469f173a595042\" class=\"mpc-icon mpc-init mpc-transition mpc-effect-none mpc-icon-hover \"><div class=\"mpc-icon-wrap\"><i class=\"mpc-icon-part mpc-regular mpc-transition  mi mi-add\"><\/i><i class=\"mpc-icon-part mpc-hover mpc-transition  mi mi-remove\"><\/i><\/div><\/div><h3>A propos de APAMAD<\/h3><\/div><div class=\"mpc-accordion-item__content mpc-container\" ><div class=\"mpc-accordion-item__wrapper mpc-typography--preset_2\">[vc_column_text]Depuis 71 ans, l\u2019Association pour l\u2019Aide et le Maintien \u00e0 Domicile (APAMAD) membre du R\u00e9seau APA accompagne les personnes \u00e2g\u00e9es et en situation de handicap ou atteintes de maladies chroniques habitant le Haut-Rhin.<\/p>\n<p>Pour r\u00e9aliser sa mission, APAMAD r\u00e9pond aux besoins des personnes fragilis\u00e9es et de leur entourage par des services de proximit\u00e9, notamment par le maintien \u00e0 domicile, le portage de repas, les accueils de jour et l&rsquo;aide aux aidants familiaux. APAMAD porte \u00e9galement des projets d&rsquo;exp\u00e9rimentation, tels que le projet e-Nutriv.[\/vc_column_text]<\/div><\/div><\/li><li class=\"mpc-accordion__item \"><div class=\"mpc-accordion-item__heading mpc-transition mpc-typography--preset_3\"><div data-id=\"mpc_icon-7469f173a595042\" class=\"mpc-icon mpc-init mpc-transition mpc-effect-none mpc-icon-hover \"><div class=\"mpc-icon-wrap\"><i class=\"mpc-icon-part mpc-regular mpc-transition  mi mi-add\"><\/i><i class=\"mpc-icon-part mpc-hover mpc-transition  mi mi-remove\"><\/i><\/div><\/div><h3>Contributeurs<\/h3><\/div><div class=\"mpc-accordion-item__content mpc-container\" ><div class=\"mpc-accordion-item__wrapper mpc-typography--preset_2\">[vc_column_text]<\/p>\n<ul>\n<li>Hakisa pour la mise en place de la plateforme personnalis\u00e9e et la mise \u00e0 disposition de l&rsquo;application Alarmes<\/li>\n<li>Facilien pour la construction de cas d&rsquo;usages reproductibles et le conseil dans le d\u00e9ploiement de projet<\/li>\n<li>APAMAD pour le pilotage du projet ainsi que l&rsquo;expertise en services \u00e0 la personne et accompagnement des publics fragilis\u00e9s<\/li>\n<li>Exolis pour la mise \u00e0 disposition d&rsquo;applications de sant\u00e9<\/li>\n<\/ul>\n<p>[\/vc_column_text]<\/div><\/div><\/li><\/ul><\/div>[\/vc_column][vc_column width=\u00a0\u00bb2\/5&Prime;][vc_single_image image=\u00a0\u00bb9460&Prime; img_size=\u00a0\u00bbfull\u00a0\u00bb][\/vc_column][\/vc_row][\/vc_section][vc_section full_width=\u00a0\u00bbstretch_row\u00a0\u00bb css=\u00a0\u00bb.vc_custom_1608728401069{padding-top: 100px !important;padding-bottom: 100px !important;background-color: #f5f5f5 !important;}\u00a0\u00bb][vc_row gap=\u00a0\u00bb35&Prime;][vc_column width=\u00a0\u00bb3\/5&Prime; css=\u00a0\u00bb.vc_custom_1557479685516{margin-right: 50px !important;}\u00a0\u00bb][vc_column_text]<\/p>\n<h2>R\u00e9seau APA<\/h2>\n<p>[\/vc_column_text][vc_column_text el_class=\u00a0\u00bbintroduction\u00a0\u00bb]<i><span style=\"color: #ff7813;\">Un service \u00e0 la personne digital, de confiance et s\u00e9curis\u00e9<\/span><\/i>[\/vc_column_text]<div id=\"mpc_accordion-1569f173a595118\" class=\"mpc-accordion mpc-init mpc-transition accordion-references\" ><ul class=\"mpc-accordion__content\"><li class=\"mpc-accordion__item \"><div class=\"mpc-accordion-item__heading mpc-transition mpc-typography--preset_3\"><div data-id=\"mpc_icon-9869f173a595106\" class=\"mpc-icon mpc-init mpc-transition mpc-effect-none mpc-icon-hover \"><div class=\"mpc-icon-wrap\"><i class=\"mpc-icon-part mpc-regular mpc-transition  mi mi-add\"><\/i><i class=\"mpc-icon-part mpc-hover mpc-transition  mi mi-remove\"><\/i><\/div><\/div><h3>Cas d'usage<\/h3><\/div><div class=\"mpc-accordion-item__content mpc-container\" ><div class=\"mpc-accordion-item__wrapper mpc-typography--preset_2\">[vc_column_text]Leader du service \u00e0 la personne dans le Grand Est, le R\u00e9seau APA a \u00e0 c\u0153ur de proposer une offre de service \u00e0 la personne digitales s\u00e9curis\u00e9e et adapt\u00e9e au profil de chaque usager. C\u2019est ainsi qu\u2019il se lance, en 2017, dans la digitalisation de ses m\u00e9tiers et services en cr\u00e9ant sa plateforme personnalis\u00e9e avec la technologie Hakisa, digitalisation passant par diff\u00e9rentes phases :<\/p>\n<ol>\n<li>la num\u00e9risation des professionnels, b\u00e9n\u00e9voles et \u00e9tablissements du service \u00e0 la personne, notamment avec l\u2019int\u00e9gration de leurs outils m\u00e9tiers<\/li>\n<li>le d\u00e9ploiement de la solution aupr\u00e8s des usagers du R\u00e9seau APA : mise en relation des professionnels et usagers, digitalisation des \u00e9changes et des services<\/li>\n<li>le d\u00e9veloppement de nouveaux services pour les usagers dans l\u2019optique d\u2019\u00e9largir les possibilit\u00e9s d\u2019accompagnement social de la population \u00e2g\u00e9e et \/ ou fragilis\u00e9e<\/li>\n<\/ol>\n<p>Apr\u00e8s une premi\u00e8re phase r\u00e9ussie, et une deuxi\u00e8me phase prometteuse, Hakisa et le R\u00e9seau APA poursuivent leur avancement vers <a href=\"https:\/\/www.hakisa.com\/solutions\/\">une plateforme digitale<\/a> de service \u00e0 la personne simple, s\u00e9curis\u00e9e et respectueuse de la vie priv\u00e9e de ses usagers.[\/vc_column_text]<\/div><\/div><\/li><li class=\"mpc-accordion__item \"><div class=\"mpc-accordion-item__heading mpc-transition mpc-typography--preset_3\"><div data-id=\"mpc_icon-9869f173a595106\" class=\"mpc-icon mpc-init mpc-transition mpc-effect-none mpc-icon-hover \"><div class=\"mpc-icon-wrap\"><i class=\"mpc-icon-part mpc-regular mpc-transition  mi mi-add\"><\/i><i class=\"mpc-icon-part mpc-hover mpc-transition  mi mi-remove\"><\/i><\/div><\/div><h3>Solution propos\u00e9e<\/h3><\/div><div class=\"mpc-accordion-item__content mpc-container\" ><div class=\"mpc-accordion-item__wrapper mpc-typography--preset_2\">[vc_column_text]Apr\u00e8s le d\u00e9ploiement d\u2019une plateforme personnalis\u00e9e, des d\u00e9veloppements sp\u00e9cifiques ont \u00e9t\u00e9 r\u00e9alis\u00e9s afin d\u2019interfacer ATENA, logiciel m\u00e9tier du R\u00e9seau APA. Cette int\u00e9gration permet de faire un grand pas dans la num\u00e9risation du service \u00e0 la personne en offrant :<\/p>\n<ul>\n<li>Pour chaque salari\u00e9, un acc\u00e8s digital \u00e0 ses <strong>fiches de paie<\/strong><\/li>\n<li>Pour chaque personnel mobile, un acc\u00e8s direct \u00e0 son <strong>planning d\u2019intervention<\/strong><\/li>\n<\/ul>\n<p>Outre ces int\u00e9grations, Hakisa travaille avec le R\u00e9seau APA et son partenaire Facilien \u00e0 la cr\u00e9ation de nouvelles fonctionnalit\u00e9s pour la technologie, notamment la mise \u00e0 disposition de fonctionnalit\u00e9s de <strong>r\u00e9servation de prestations<\/strong> pour les particuliers.[\/vc_column_text]<\/div><\/div><\/li><li class=\"mpc-accordion__item \"><div class=\"mpc-accordion-item__heading mpc-transition mpc-typography--preset_3\"><div data-id=\"mpc_icon-9869f173a595106\" class=\"mpc-icon mpc-init mpc-transition mpc-effect-none mpc-icon-hover \"><div class=\"mpc-icon-wrap\"><i class=\"mpc-icon-part mpc-regular mpc-transition  mi mi-add\"><\/i><i class=\"mpc-icon-part mpc-hover mpc-transition  mi mi-remove\"><\/i><\/div><\/div><h3>A propos du R\u00e9seau APA<\/h3><\/div><div class=\"mpc-accordion-item__content mpc-container\" ><div class=\"mpc-accordion-item__wrapper mpc-typography--preset_2\">[vc_column_text]Depuis 70 ans, le R\u00e9seau APA accompagne chaque ann\u00e9e dans le Haut-Rhin, 25 000 les personnes fragilis\u00e9es par la maladie, la perte d\u2019autonomie ou le vieillissement. Il est, de longue date, sensible \u00e0 la question des nouvelles technologies et des applications li\u00e9es au syst\u00e8me d\u2019information afin de faciliter ou d\u2019enrichir le travail r\u00e9alis\u00e9 par l\u2019ensemble de ses professionnels.[\/vc_column_text]<\/div><\/div><\/li><li class=\"mpc-accordion__item \"><div class=\"mpc-accordion-item__heading mpc-transition mpc-typography--preset_3\"><div data-id=\"mpc_icon-9869f173a595106\" class=\"mpc-icon mpc-init mpc-transition mpc-effect-none mpc-icon-hover \"><div class=\"mpc-icon-wrap\"><i class=\"mpc-icon-part mpc-regular mpc-transition  mi mi-add\"><\/i><i class=\"mpc-icon-part mpc-hover mpc-transition  mi mi-remove\"><\/i><\/div><\/div><h3>Contributeurs<\/h3><\/div><div class=\"mpc-accordion-item__content mpc-container\" ><div class=\"mpc-accordion-item__wrapper mpc-typography--preset_2\">[vc_column_text]<\/p>\n<ul>\n<li>Hakisa pour la mise en place de la plateforme, des nouvelles fonctionnalit\u00e9s et des am\u00e9liorations de la technologie<\/li>\n<li>Facilien pour le pilotage du projet<\/li>\n<li>GIES Informatique pour la mise \u00e0 disposition et l\u2019interfa\u00e7age avec les logiciels m\u00e9tier<\/li>\n<\/ul>\n<p>[\/vc_column_text]<\/div><\/div><\/li><\/ul><\/div>[\/vc_column][vc_column width=\u00a0\u00bb2\/5&Prime;][vc_single_image image=\u00a0\u00bb8596&Prime; img_size=\u00a0\u00bbfull\u00a0\u00bb][\/vc_column][\/vc_row][\/vc_section][vc_section full_width=\u00a0\u00bbstretch_row\u00a0\u00bb css=\u00a0\u00bb.vc_custom_1611306780021{padding-top: 50px !important;padding-bottom: 100px !important;background-color: #ffffff !important;}\u00a0\u00bb el_id=\u00a0\u00bbprojetsinnovation\u00a0\u00bb][vc_row gap=\u00a0\u00bb35&Prime;][vc_column css=\u00a0\u00bb.vc_custom_1557479685516{margin-right: 50px !important;}\u00a0\u00bb][vc_column_text css=\u00a0\u00bb.vc_custom_1611306798206{padding-bottom: 50px !important;}\u00a0\u00bb]<\/p>\n<h2>Projets d&rsquo;innovation<\/h2>\n<p>[\/vc_column_text][\/vc_column][\/vc_row][vc_row gap=\u00a0\u00bb35&Prime;][vc_column width=\u00a0\u00bb2\/5&Prime; css=\u00a0\u00bb.vc_custom_1557479685516{margin-right: 50px !important;}\u00a0\u00bb][vc_single_image image=\u00a0\u00bb12504&Prime; img_size=\u00a0\u00bbfull\u00a0\u00bb][\/vc_column][vc_column width=\u00a0\u00bb3\/5&Prime;][vc_column_text]<\/p>\n<h2>charge4C<\/h2>\n<p>[\/vc_column_text][vc_column_text el_class=\u00a0\u00bbintroduction\u00a0\u00bb]<i><span style=\"color: #ff7813;\">Projet de recherche financ\u00e9 par le <a href=\"https:\/\/www.bmwi.de\/Navigation\/FR\/Home\/home.html\">minist\u00e8re f\u00e9d\u00e9ral allemand de l&rsquo;\u00c9conomie et de l&rsquo;\u00c9nergie<\/a> (BMWi) dans le cadre du programme de financement ICT for Electromobility III<\/span><\/i>[\/vc_column_text]<div id=\"mpc_accordion-2969f173a5951df\" class=\"mpc-accordion mpc-init mpc-transition accordion-references\" ><ul class=\"mpc-accordion__content\"><li class=\"mpc-accordion__item \"><div class=\"mpc-accordion-item__heading mpc-transition mpc-typography--preset_3\"><div data-id=\"mpc_icon-569f173a5951ce\" class=\"mpc-icon mpc-init mpc-transition mpc-effect-none mpc-icon-hover \"><div class=\"mpc-icon-wrap\"><i class=\"mpc-icon-part mpc-regular mpc-transition  mi mi-add\"><\/i><i class=\"mpc-icon-part mpc-hover mpc-transition  mi mi-remove\"><\/i><\/div><\/div><h3>Partenaires<\/h3><\/div><div class=\"mpc-accordion-item__content mpc-container\" ><div class=\"mpc-accordion-item__wrapper mpc-typography--preset_2\">[vc_column_text]<\/p>\n<ul>\n<li><a href=\"https:\/\/www.dfki.de\/web\/\">DFKI<\/a> : En Allemagne, le centre de recherche sur l&rsquo;intelligence artificielle (DFKI) GmbH est l&rsquo;institut de recherche principal ax\u00e9 sur les entreprises dans le domaine des technologies logicielles innovantes. Dans la communaut\u00e9 scientifique internationale, le DFKI est l&rsquo;un des \u00ab\u00a0centres d&rsquo;excellence\u00a0\u00bb les plus importants au monde.<\/li>\n<li><a href=\"https:\/\/www.swsls.de\/\">Stadtwerke Saarlouis<\/a> : Stadtwerke Saarlouis est une S.A.R.L. depuis 1989 et emploie actuellement environ 90 personnes. Ils alimentent la ville de Saarlouis, qui se compose de 8 quartiers, avec 38 000 habitants, en \u00e9lectricit\u00e9, gaz naturel, eau potable et solutions de t\u00e9l\u00e9communications.<\/li>\n<li><a href=\"https:\/\/www.ampido.com\/\">ampido<\/a> : ampido a \u00e9t\u00e9 fond\u00e9e en 2012 en tant que march\u00e9 num\u00e9rique pour l&rsquo;int\u00e9gration de tous les types de places de parking. Les places de parking peuvent \u00eatre r\u00e9serv\u00e9es et pay\u00e9es via une application, un site web ou m\u00eame par t\u00e9l\u00e9phone.<\/li>\n<\/ul>\n<p>[\/vc_column_text]<\/div><\/div><\/li><li class=\"mpc-accordion__item \"><div class=\"mpc-accordion-item__heading mpc-transition mpc-typography--preset_3\"><div data-id=\"mpc_icon-569f173a5951ce\" class=\"mpc-icon mpc-init mpc-transition mpc-effect-none mpc-icon-hover \"><div class=\"mpc-icon-wrap\"><i class=\"mpc-icon-part mpc-regular mpc-transition  mi mi-add\"><\/i><i class=\"mpc-icon-part mpc-hover mpc-transition  mi mi-remove\"><\/i><\/div><\/div><h3>A propos de charge4C<\/h3><\/div><div class=\"mpc-accordion-item__content mpc-container\" ><div class=\"mpc-accordion-item__wrapper mpc-typography--preset_2\">[vc_column_text]L&rsquo;objectif de charge4C est de cr\u00e9er une plateforme de partage innovante qui permet une tarification dynamique du stationnement et de la recharge et qui peut organiser des communaut\u00e9s et des services autour de ces stations. Cela permettra d&rsquo;associer les citoyens au d\u00e9veloppement de l&rsquo;infrastructure de recharge, d&rsquo;optimiser l&rsquo;utilisation du r\u00e9seau et d&rsquo;\u00e9viter les pics de charge. Chaque borne est \u00e9quip\u00e9e de capteurs afin que la plate-forme d\u00e9termine non seulement le prix du service, mais enregistre \u00e9galement son profil de facturation sp\u00e9cifique. De cette mani\u00e8re, il est possible d&rsquo;identifier d&rsquo;autres sites de recharge appropri\u00e9s dans les r\u00e9gions du projet autour de Saarlouis et de Cologne, en fonction de la demande.[\/vc_column_text]<\/div><\/div><\/li><\/ul><\/div>[vc_video link=\u00a0\u00bbhttps:\/\/www.youtube.com\/watch?v=m31_1cRcl60&amp;t=7s\u00a0\u00bb el_width=\u00a0\u00bb80&Prime; align=\u00a0\u00bbcenter\u00a0\u00bb css=\u00a0\u00bb.vc_custom_1608728504096{padding-top: 20px !important;}\u00a0\u00bb][\/vc_column][\/vc_row][\/vc_section]<\/p>\n<\/section>","protected":false},"excerpt":{"rendered":"<p>[vc_section full_width=\u00a0\u00bbstretch_row_content\u00a0\u00bb content_placement=\u00a0\u00bbmiddle\u00a0\u00bb el_class=\u00a0\u00bbellipsis-border-right\u00a0\u00bb css=\u00a0\u00bb.vc_custom_1604928516644{background-image: url(https:\/\/www.hakisa.com\/wp-content\/uploads\/2020\/10\/man-person-group-people-woman-play-918265-pxhere-filtre.com_.jpg?id=11825) !important;background-position: 0 0 !important;background-repeat: no-repeat !important;}\u00a0\u00bb][vc_row full_width=\u00a0\u00bbstretch_row_content\u00a0\u00bb gap=\u00a0\u00bb10&Prime; css=\u00a0\u00bb.vc_custom_1604928611026{padding-right: 5% !important;padding-left: 5% !important;}\u00a0\u00bb][vc_column width=\u00a0\u00bb1\/2&Prime;][vc_column_text el_class=\u00a0\u00bbtext-white\u00a0\u00bb] Quelques r\u00e9f\u00e9rences dans les divers segments de march\u00e9 adress\u00e9s [\/vc_column_text][\/vc_column][vc_column width=\u00a0\u00bb1\/2&Prime; offset=\u00a0\u00bbvc_hidden-xs\u00a0\u00bb][vc_single_image image=\u00a0\u00bb12167&Prime; img_size=\u00a0\u00bbfull\u00a0\u00bb alignment=\u00a0\u00bbcenter\u00a0\u00bb css_animation=\u00a0\u00bbfadeInDown\u00a0\u00bb][\/vc_column][\/vc_row][\/vc_section][vc_section full_width=\u00a0\u00bbstretch_row\u00a0\u00bb css=\u00a0\u00bb.vc_custom_1608728210868{padding-top: 60px !important;padding-bottom: 100px !important;}\u00a0\u00bb][vc_row gap=\u00a0\u00bb35&Prime;][vc_column css=\u00a0\u00bb.vc_custom_1557479685516{margin-right: 50px !important;}\u00a0\u00bb][vc_column_text css=\u00a0\u00bb.vc_custom_1611306720970{padding-bottom: 50px !important;}\u00a0\u00bb] Nos clients [\/vc_column_text][\/vc_column][\/vc_row][vc_row gap=\u00a0\u00bb35&Prime;][vc_column width=\u00a0\u00bb3\/5&Prime;<\/p>\n","protected":false},"author":6,"featured_media":0,"parent":0,"menu_order":0,"comment_status":"closed","ping_status":"closed","template":"","meta":{"footnotes":""},"yoast_head":"<!-- This site is optimized with the Yoast SEO plugin v24.5 - https:\/\/yoast.com\/wordpress\/plugins\/seo\/ -->\n<title>- Cr\u00e9ez votre plateforme de services socialement responsable<\/title>\n<meta name=\"description\" content=\"R\u00e9alisations\" \/>\n<meta name=\"robots\" content=\"index, follow, max-snippet:-1, max-image-preview:large, max-video-preview:-1\" \/>\n<link rel=\"canonical\" href=\"https:\/\/www.hakisa.com\/fr\/realisations\/\" \/>\n<meta property=\"og:locale\" content=\"fr_FR\" \/>\n<meta property=\"og:type\" content=\"article\" \/>\n<meta property=\"og:title\" content=\"- Cr\u00e9ez votre plateforme de services socialement responsable\" \/>\n<meta property=\"og:description\" content=\"R\u00e9alisations\" \/>\n<meta property=\"og:url\" content=\"https:\/\/www.hakisa.com\/fr\/realisations\/\" \/>\n<meta property=\"og:site_name\" content=\"Cr\u00e9ez votre plateforme de services socialement responsable\" \/>\n<meta property=\"article:publisher\" content=\"https:\/\/www.facebook.com\/Hakisa.fr\" \/>\n<meta property=\"article:modified_time\" content=\"2021-01-28T09:26:21+00:00\" \/>\n<meta property=\"og:image\" content=\"https:\/\/i0.wp.com\/www.hakisa.com\/fr\/wp-content\/uploads\/sites\/1\/2019\/05\/hakisa-screen-perspective-vertical-orange-FR.png?fit=1800%2C1350&ssl=1\" \/>\n\t<meta property=\"og:image:width\" content=\"1800\" \/>\n\t<meta property=\"og:image:height\" content=\"1350\" \/>\n\t<meta property=\"og:image:type\" content=\"image\/png\" \/>\n<meta name=\"twitter:card\" content=\"summary_large_image\" \/>\n<meta name=\"twitter:site\" content=\"@HakisaTeam\" \/>\n<meta name=\"twitter:label1\" content=\"Dur\u00e9e de lecture estim\u00e9e\" \/>\n\t<meta name=\"twitter:data1\" content=\"10 minutes\" \/>\n<script type=\"application\/ld+json\" class=\"yoast-schema-graph\">{\"@context\":\"https:\/\/schema.org\",\"@graph\":[{\"@type\":\"WebPage\",\"@id\":\"https:\/\/www.hakisa.com\/fr\/realisations\/\",\"url\":\"https:\/\/www.hakisa.com\/fr\/realisations\/\",\"name\":\"- Cr\u00e9ez votre plateforme de services socialement responsable\",\"isPartOf\":{\"@id\":\"https:\/\/www.hakisa.com\/fr\/#website\"},\"datePublished\":\"2020-11-09T14:45:12+00:00\",\"dateModified\":\"2021-01-28T09:26:21+00:00\",\"description\":\"R\u00e9alisations\",\"breadcrumb\":{\"@id\":\"https:\/\/www.hakisa.com\/fr\/realisations\/#breadcrumb\"},\"inLanguage\":\"fr-FR\",\"potentialAction\":[{\"@type\":\"ReadAction\",\"target\":[\"https:\/\/www.hakisa.com\/fr\/realisations\/\"]}]},{\"@type\":\"BreadcrumbList\",\"@id\":\"https:\/\/www.hakisa.com\/fr\/realisations\/#breadcrumb\",\"itemListElement\":[{\"@type\":\"ListItem\",\"position\":1,\"name\":\"Accueil\",\"item\":\"https:\/\/www.hakisa.com\/fr\/\"},{\"@type\":\"ListItem\",\"position\":2,\"name\":\"R\u00e9alisations\"}]},{\"@type\":\"WebSite\",\"@id\":\"https:\/\/www.hakisa.com\/fr\/#website\",\"url\":\"https:\/\/www.hakisa.com\/fr\/\",\"name\":\"Cr\u00e9ez votre plateforme de services socialement responsable\",\"description\":\"\",\"publisher\":{\"@id\":\"https:\/\/www.hakisa.com\/fr\/#organization\"},\"potentialAction\":[{\"@type\":\"SearchAction\",\"target\":{\"@type\":\"EntryPoint\",\"urlTemplate\":\"https:\/\/www.hakisa.com\/fr\/?s={search_term_string}\"},\"query-input\":{\"@type\":\"PropertyValueSpecification\",\"valueRequired\":true,\"valueName\":\"search_term_string\"}}],\"inLanguage\":\"fr-FR\"},{\"@type\":\"Organization\",\"@id\":\"https:\/\/www.hakisa.com\/fr\/#organization\",\"name\":\"Hakisa\",\"url\":\"https:\/\/www.hakisa.com\/fr\/\",\"logo\":{\"@type\":\"ImageObject\",\"inLanguage\":\"fr-FR\",\"@id\":\"https:\/\/www.hakisa.com\/fr\/#\/schema\/logo\/image\/\",\"url\":\"https:\/\/i0.wp.com\/www.hakisa.com\/wp-content\/uploads\/2019\/04\/logohakisa.png?fit=385%2C95&ssl=1\",\"contentUrl\":\"https:\/\/i0.wp.com\/www.hakisa.com\/wp-content\/uploads\/2019\/04\/logohakisa.png?fit=385%2C95&ssl=1\",\"width\":385,\"height\":95,\"caption\":\"Hakisa\"},\"image\":{\"@id\":\"https:\/\/www.hakisa.com\/fr\/#\/schema\/logo\/image\/\"},\"sameAs\":[\"https:\/\/www.facebook.com\/Hakisa.fr\",\"https:\/\/x.com\/HakisaTeam\",\"https:\/\/www.linkedin.com\/company\/hakisa\",\"https:\/\/www.youtube.com\/channel\/UCMuN-43nW8_F4zFz5IQuXMg\"]}]}<\/script>\n<!-- \/ Yoast SEO plugin. -->","yoast_head_json":{"title":"- Cr\u00e9ez votre plateforme de services socialement responsable","description":"R\u00e9alisations","robots":{"index":"index","follow":"follow","max-snippet":"max-snippet:-1","max-image-preview":"max-image-preview:large","max-video-preview":"max-video-preview:-1"},"canonical":"https:\/\/www.hakisa.com\/fr\/realisations\/","og_locale":"fr_FR","og_type":"article","og_title":"- Cr\u00e9ez votre plateforme de services socialement responsable","og_description":"R\u00e9alisations","og_url":"https:\/\/www.hakisa.com\/fr\/realisations\/","og_site_name":"Cr\u00e9ez votre plateforme de services socialement responsable","article_publisher":"https:\/\/www.facebook.com\/Hakisa.fr","article_modified_time":"2021-01-28T09:26:21+00:00","og_image":[{"width":1800,"height":1350,"url":"https:\/\/i0.wp.com\/www.hakisa.com\/fr\/wp-content\/uploads\/sites\/1\/2019\/05\/hakisa-screen-perspective-vertical-orange-FR.png?fit=1800%2C1350&ssl=1","type":"image\/png"}],"twitter_card":"summary_large_image","twitter_site":"@HakisaTeam","twitter_misc":{"Dur\u00e9e de lecture estim\u00e9e":"10 minutes"},"schema":{"@context":"https:\/\/schema.org","@graph":[{"@type":"WebPage","@id":"https:\/\/www.hakisa.com\/fr\/realisations\/","url":"https:\/\/www.hakisa.com\/fr\/realisations\/","name":"- Cr\u00e9ez votre plateforme de services socialement responsable","isPartOf":{"@id":"https:\/\/www.hakisa.com\/fr\/#website"},"datePublished":"2020-11-09T14:45:12+00:00","dateModified":"2021-01-28T09:26:21+00:00","description":"R\u00e9alisations","breadcrumb":{"@id":"https:\/\/www.hakisa.com\/fr\/realisations\/#breadcrumb"},"inLanguage":"fr-FR","potentialAction":[{"@type":"ReadAction","target":["https:\/\/www.hakisa.com\/fr\/realisations\/"]}]},{"@type":"BreadcrumbList","@id":"https:\/\/www.hakisa.com\/fr\/realisations\/#breadcrumb","itemListElement":[{"@type":"ListItem","position":1,"name":"Accueil","item":"https:\/\/www.hakisa.com\/fr\/"},{"@type":"ListItem","position":2,"name":"R\u00e9alisations"}]},{"@type":"WebSite","@id":"https:\/\/www.hakisa.com\/fr\/#website","url":"https:\/\/www.hakisa.com\/fr\/","name":"Cr\u00e9ez votre plateforme de services socialement responsable","description":"","publisher":{"@id":"https:\/\/www.hakisa.com\/fr\/#organization"},"potentialAction":[{"@type":"SearchAction","target":{"@type":"EntryPoint","urlTemplate":"https:\/\/www.hakisa.com\/fr\/?s={search_term_string}"},"query-input":{"@type":"PropertyValueSpecification","valueRequired":true,"valueName":"search_term_string"}}],"inLanguage":"fr-FR"},{"@type":"Organization","@id":"https:\/\/www.hakisa.com\/fr\/#organization","name":"Hakisa","url":"https:\/\/www.hakisa.com\/fr\/","logo":{"@type":"ImageObject","inLanguage":"fr-FR","@id":"https:\/\/www.hakisa.com\/fr\/#\/schema\/logo\/image\/","url":"https:\/\/i0.wp.com\/www.hakisa.com\/wp-content\/uploads\/2019\/04\/logohakisa.png?fit=385%2C95&ssl=1","contentUrl":"https:\/\/i0.wp.com\/www.hakisa.com\/wp-content\/uploads\/2019\/04\/logohakisa.png?fit=385%2C95&ssl=1","width":385,"height":95,"caption":"Hakisa"},"image":{"@id":"https:\/\/www.hakisa.com\/fr\/#\/schema\/logo\/image\/"},"sameAs":["https:\/\/www.facebook.com\/Hakisa.fr","https:\/\/x.com\/HakisaTeam","https:\/\/www.linkedin.com\/company\/hakisa","https:\/\/www.youtube.com\/channel\/UCMuN-43nW8_F4zFz5IQuXMg"]}]}},"amp_enabled":true,"_links":{"self":[{"href":"https:\/\/www.hakisa.com\/fr\/wp-json\/wp\/v2\/pages\/12214"}],"collection":[{"href":"https:\/\/www.hakisa.com\/fr\/wp-json\/wp\/v2\/pages"}],"about":[{"href":"https:\/\/www.hakisa.com\/fr\/wp-json\/wp\/v2\/types\/page"}],"author":[{"embeddable":true,"href":"https:\/\/www.hakisa.com\/fr\/wp-json\/wp\/v2\/users\/6"}],"replies":[{"embeddable":true,"href":"https:\/\/www.hakisa.com\/fr\/wp-json\/wp\/v2\/comments?post=12214"}],"version-history":[{"count":25,"href":"https:\/\/www.hakisa.com\/fr\/wp-json\/wp\/v2\/pages\/12214\/revisions"}],"predecessor-version":[{"id":12584,"href":"https:\/\/www.hakisa.com\/fr\/wp-json\/wp\/v2\/pages\/12214\/revisions\/12584"}],"wp:attachment":[{"href":"https:\/\/www.hakisa.com\/fr\/wp-json\/wp\/v2\/media?parent=12214"}],"curies":[{"name":"wp","href":"https:\/\/api.w.org\/{rel}","templated":true}]}}